{"version":"1.0","provider_name":"BlogDiario Magazine","provider_url":"https:\/\/blogdiario.info\/magazine","author_name":"World Press Service | Servicio de Prensa Mundial","author_url":"https:\/\/blogdiario.info\/magazine\/author\/rubines\/","title":"\u00ab Je suis un prisonnier de guerre \u00bb, lance Nicol\u00e1s Maduro avec d\u00e9fi devant un tribunal am\u00e9ricain - BlogDiario Magazine","type":"rich","width":600,"height":338,"html":"<blockquote class=\"wp-embedded-content\" data-secret=\"a3ZXiW3eMs\"><a href=\"https:\/\/blogdiario.info\/magazine\/2026\/01\/06\/je-suis-un-prisonnier\/\">\u00ab Je suis un prisonnier de guerre \u00bb, lance Nicol\u00e1s Maduro avec d\u00e9fi devant un tribunal am\u00e9ricain<\/a><\/blockquote><iframe sandbox=\"allow-scripts\" security=\"restricted\" src=\"https:\/\/blogdiario.info\/magazine\/2026\/01\/06\/je-suis-un-prisonnier\/embed\/#?secret=a3ZXiW3eMs\" width=\"600\" height=\"338\" title=\"&#8220;\u00ab Je suis un prisonnier de guerre \u00bb, lance Nicol\u00e1s Maduro avec d\u00e9fi devant un tribunal am\u00e9ricain&#8221; &#8212; BlogDiario Magazine\" data-secret=\"a3ZXiW3eMs\" frameborder=\"0\" marginwidth=\"0\" marginheight=\"0\" scrolling=\"no\" class=\"wp-embedded-content\"><\/iframe><script type=\"text\/javascript\">\n\/* <![CDATA[ *\/\n\/*! This file is auto-generated *\/\n!function(d,l){\"use strict\";l.querySelector&&d.addEventListener&&\"undefined\"!=typeof URL&&(d.wp=d.wp||{},d.wp.receiveEmbedMessage||(d.wp.receiveEmbedMessage=function(e){var t=e.data;if((t||t.secret||t.message||t.value)&&!\/[^a-zA-Z0-9]\/.test(t.secret)){for(var s,r,n,a=l.querySelectorAll('iframe[data-secret=\"'+t.secret+'\"]'),o=l.querySelectorAll('blockquote[data-secret=\"'+t.secret+'\"]'),c=new RegExp(\"^https?:$\",\"i\"),i=0;i<o.length;i++)o[i].style.display=\"none\";for(i=0;i<a.length;i++)s=a[i],e.source===s.contentWindow&&(s.removeAttribute(\"style\"),\"height\"===t.message?(1e3<(r=parseInt(t.value,10))?r=1e3:~~r<200&&(r=200),s.height=r):\"link\"===t.message&&(r=new URL(s.getAttribute(\"src\")),n=new URL(t.value),c.test(n.protocol))&&n.host===r.host&&l.activeElement===s&&(d.top.location.href=t.value))}},d.addEventListener(\"message\",d.wp.receiveEmbedMessage,!1),l.addEventListener(\"DOMContentLoaded\",function(){for(var e,t,s=l.querySelectorAll(\"iframe.wp-embedded-content\"),r=0;r<s.length;r++)(t=(e=s[r]).getAttribute(\"data-secret\"))||(t=Math.random().toString(36).substring(2,12),e.src+=\"#?secret=\"+t,e.setAttribute(\"data-secret\",t)),e.contentWindow.postMessage({message:\"ready\",secret:t},\"*\")},!1)))}(window,document);\n\/* ]]> *\/\n<\/script>\n","thumbnail_url":"https:\/\/blogdiario.info\/magazine\/images\/2026\/01\/bfb02e62-313f-4da9-a9ab-a0e64f0f87ac.jpg","thumbnail_width":1536,"thumbnail_height":1024,"description":"L\u2019ancien dirigeant v\u00e9n\u00e9zu\u00e9lien d\u00e9chu plaide non coupable \u00e0 New York, tandis que l\u2019ONU d\u00e9bat de la l\u00e9galit\u00e9 de sa capture et que Washington durcit le jeu g\u00e9opolitique, du Venezuela au Groenland."}