{"version":"1.0","provider_name":"BlogDiario Magazine","provider_url":"https:\/\/blogdiario.info\/magazine","author_name":"World Press Service | Servicio de Prensa Mundial","author_url":"https:\/\/blogdiario.info\/magazine\/author\/rubines\/","title":"Cr\u00f3nica ir\u00f3nica de una inauguraci\u00f3n entre libros y abucheos - BlogDiario Magazine","type":"rich","width":600,"height":338,"html":"<blockquote class=\"wp-embedded-content\" data-secret=\"pthTeeN9d4\"><a href=\"https:\/\/blogdiario.info\/magazine\/2025\/05\/01\/cronica-de-una-inauguracion-entre-libros-y-abucheos\/\">Cr\u00f3nica ir\u00f3nica de una inauguraci\u00f3n entre libros y abucheos<\/a><\/blockquote><iframe sandbox=\"allow-scripts\" security=\"restricted\" src=\"https:\/\/blogdiario.info\/magazine\/2025\/05\/01\/cronica-de-una-inauguracion-entre-libros-y-abucheos\/embed\/#?secret=pthTeeN9d4\" width=\"600\" height=\"338\" title=\"&#8220;Cr\u00f3nica ir\u00f3nica de una inauguraci\u00f3n entre libros y abucheos&#8221; &#8212; BlogDiario Magazine\" data-secret=\"pthTeeN9d4\" frameborder=\"0\" marginwidth=\"0\" marginheight=\"0\" scrolling=\"no\" class=\"wp-embedded-content\"><\/iframe><script type=\"text\/javascript\">\n\/* <![CDATA[ *\/\n\/*! This file is auto-generated *\/\n!function(d,l){\"use strict\";l.querySelector&&d.addEventListener&&\"undefined\"!=typeof URL&&(d.wp=d.wp||{},d.wp.receiveEmbedMessage||(d.wp.receiveEmbedMessage=function(e){var t=e.data;if((t||t.secret||t.message||t.value)&&!\/[^a-zA-Z0-9]\/.test(t.secret)){for(var s,r,n,a=l.querySelectorAll('iframe[data-secret=\"'+t.secret+'\"]'),o=l.querySelectorAll('blockquote[data-secret=\"'+t.secret+'\"]'),c=new RegExp(\"^https?:$\",\"i\"),i=0;i<o.length;i++)o[i].style.display=\"none\";for(i=0;i<a.length;i++)s=a[i],e.source===s.contentWindow&&(s.removeAttribute(\"style\"),\"height\"===t.message?(1e3<(r=parseInt(t.value,10))?r=1e3:~~r<200&&(r=200),s.height=r):\"link\"===t.message&&(r=new URL(s.getAttribute(\"src\")),n=new URL(t.value),c.test(n.protocol))&&n.host===r.host&&l.activeElement===s&&(d.top.location.href=t.value))}},d.addEventListener(\"message\",d.wp.receiveEmbedMessage,!1),l.addEventListener(\"DOMContentLoaded\",function(){for(var e,t,s=l.querySelectorAll(\"iframe.wp-embedded-content\"),r=0;r<s.length;r++)(t=(e=s[r]).getAttribute(\"data-secret\"))||(t=Math.random().toString(36).substring(2,12),e.src+=\"#?secret=\"+t,e.setAttribute(\"data-secret\",t)),e.contentWindow.postMessage({message:\"ready\",secret:t},\"*\")},!1)))}(window,document);\n\/* ]]> *\/\n<\/script>\n","thumbnail_url":"https:\/\/blogdiario.info\/magazine\/images\/2025\/05\/marccover_20250501.jpg","thumbnail_width":960,"thumbnail_height":640,"description":"El secretario de Cultura de Argentina,, Leonardo Cifelli, fue abucheado durante la inauguraci\u00f3n de la 49\u00aa Feria Internacional del Libro de Buenos Aires, celebrada el 24 de abril de 2025 en La Rural."}